{"id":351,"date":"2017-10-25T16:15:46","date_gmt":"2017-10-25T14:15:46","guid":{"rendered":"https:\/\/ittceramic.com\/inicio\/"},"modified":"2018-01-05T12:26:43","modified_gmt":"2018-01-05T11:26:43","slug":"inicio","status":"publish","type":"page","link":"https:\/\/ittceramic.com\/en\/","title":{"rendered":"Home"},"content":{"rendered":"\t\t\t<div>\n\t\t\t\t\t\t\t\t\t<div class=\"col-md-4 col-sm-6 col-xs-12 featured-notice\">\n\t\t\t\t\t\t\t\t\t\t\t\t<a href=\"https:\/\/ittceramic.com\/en\/itt-ceramic-presenta-sus-novedades-2026-bianco-perlino-y-taj-mahal-materia-luz-y-elegancia-atemporal\/\">\n\t\t\t\t\t\t\t<div class=\"notice-wrapper\">\n\t\t\t\t\t\t\t\t<div class=\"notice\"\n\t\t\t\t\t\t\t\t\tstyle=\"background: url(https:\/\/ittceramic.com\/wp-content\/uploads\/2026\/03\/Amb-Taj-Mahal-90x90-1.jpg) no-repeat center center; background-size: cover;\">\n\t\t\t\t\t\t\t\t<\/div>\n\t\t\t\t\t\t\t\t<div class=\"notice-detail\">\n\t\t\t\t\t\t\t\t\t<hr \/>\n\t\t\t\t\t\t\t\t\t<div>\n\t\t\t\t\t\t\t\t\t\t<h3 class=\"text-center\">ITT Ceramic presents its new products for 2026: Bianco Perlino and Taj Mahal, matter, light and timeless elegance<\/h3>\n\t\t\t\t\t\t\t\t\t\t<p class=\"text-center\">\n\t\t\t\t\t\t\t\t\t\t\tITT Ceramic presents its new ceramic products for 2026: Bianco Perlino and Taj Mahal, marble and quartzite reinterpreted in elegant and timeless porcelain.\t\t\t\t\t\t\t\t\t\t\t<strong>SEE><\/strong>\n\t\t\t\t\t\t\t\t\t\t<\/p>\n\t\t\t\t\t\t\t\t\t<\/div>\n\t\t\t\t\t\t\t\t\t<hr \/>\n\t\t\t\t\t\t\t\t<\/div>\n\t\t\t\t\t\t\t<\/div>\n\t\t\t\t\t\t<\/a>\n\t\t\t\t\t<\/div>\n\t\t\t\t\t\t\t\t\t\t<div class=\"col-md-4 col-sm-6 col-xs-12 featured-notice\">\n\t\t\t\t\t\t\t\t\t\t\t\t<a href=\"https:\/\/ittceramic.com\/en\/itt-ceramic-presents-whats-next-an-international-event-to-explore-the-ceramic-trends-of-2026\/\">\n\t\t\t\t\t\t\t<div class=\"notice-wrapper\">\n\t\t\t\t\t\t\t\t<div class=\"notice\"\n\t\t\t\t\t\t\t\t\tstyle=\"background: url(https:\/\/ittceramic.com\/wp-content\/uploads\/2026\/01\/6C6A0139-scaled.jpg) no-repeat center center; background-size: cover;\">\n\t\t\t\t\t\t\t\t<\/div>\n\t\t\t\t\t\t\t\t<div class=\"notice-detail\">\n\t\t\t\t\t\t\t\t\t<hr \/>\n\t\t\t\t\t\t\t\t\t<div>\n\t\t\t\t\t\t\t\t\t\t<h3 class=\"text-center\">ITT Ceramic presents What\u2019s Next, an international event to explore the ceramic trends of 2026<\/h3>\n\t\t\t\t\t\t\t\t\t\t<p class=\"text-center\">\n\t\t\t\t\t\t\t\t\t\t\t\t\t\t\t\t\t\t\t\t\t\t<strong>SEE><\/strong>\n\t\t\t\t\t\t\t\t\t\t<\/p>\n\t\t\t\t\t\t\t\t\t<\/div>\n\t\t\t\t\t\t\t\t\t<hr \/>\n\t\t\t\t\t\t\t\t<\/div>\n\t\t\t\t\t\t\t<\/div>\n\t\t\t\t\t\t<\/a>\n\t\t\t\t\t<\/div>\n\t\t\t\t\t\t\t\t\t\t<div class=\"col-md-4 col-sm-6 col-xs-12 featured-notice\">\n\t\t\t\t\t\t\t\t\t\t\t\t<a href=\"https:\/\/ittceramic.com\/en\/hypertouch-3d\/\">\n\t\t\t\t\t\t\t<div class=\"notice-wrapper\">\n\t\t\t\t\t\t\t\t<div class=\"notice\"\n\t\t\t\t\t\t\t\t\tstyle=\"background: url(https:\/\/ittceramic.com\/wp-content\/uploads\/2025\/02\/Amb-Lar-Oda-Honey-595x1192-copia.jpg) no-repeat center center; background-size: cover;\">\n\t\t\t\t\t\t\t\t<\/div>\n\t\t\t\t\t\t\t\t<div class=\"notice-detail\">\n\t\t\t\t\t\t\t\t\t<hr \/>\n\t\t\t\t\t\t\t\t\t<div>\n\t\t\t\t\t\t\t\t\t\t<h3 class=\"text-center\">Hypertouch 3D<\/h3>\n\t\t\t\t\t\t\t\t\t\t<p class=\"text-center\">\n\t\t\t\t\t\t\t\t\t\t\tDiscover redefined innovation with Hypertoch, the new product range from ITT. With a meticulous focus on effects and textures, Hypertoch represents the culmination of the latest technological advances in the digital application of enamels and finishes.\t\t\t\t\t\t\t\t\t\t\t<strong>SEE><\/strong>\n\t\t\t\t\t\t\t\t\t\t<\/p>\n\t\t\t\t\t\t\t\t\t<\/div>\n\t\t\t\t\t\t\t\t\t<hr \/>\n\t\t\t\t\t\t\t\t<\/div>\n\t\t\t\t\t\t\t<\/div>\n\t\t\t\t\t\t<\/a>\n\t\t\t\t\t<\/div>\n\t\t\t\t\t\t\t\t\t\t<div class=\"col-md-4 col-sm-6 col-xs-12 featured-notice\">\n\t\t\t\t\t\t\t\t\t\t\t\t<a href=\"https:\/\/ittceramic.com\/en\/manifesto-where-thoughts-become-space\/\">\n\t\t\t\t\t\t\t<div class=\"notice-wrapper\">\n\t\t\t\t\t\t\t\t<div class=\"notice\"\n\t\t\t\t\t\t\t\t\tstyle=\"background: url(https:\/\/ittceramic.com\/wp-content\/uploads\/2024\/09\/Invitacion-ITT-Cersaie242_invitacion.jpg) no-repeat center center; background-size: cover;\">\n\t\t\t\t\t\t\t\t<\/div>\n\t\t\t\t\t\t\t\t<div class=\"notice-detail\">\n\t\t\t\t\t\t\t\t\t<hr \/>\n\t\t\t\t\t\t\t\t\t<div>\n\t\t\t\t\t\t\t\t\t\t<h3 class=\"text-center\">Manifesto: Where thoughts become space<\/h3>\n\t\t\t\t\t\t\t\t\t\t<p class=\"text-center\">\n\t\t\t\t\t\t\t\t\t\t\tIn the context of the Cersaie Fair 2024, ITT & Arklam are presenting more than just products at their stand: they are also presenting a declaration of intent, a manifesto that reflects the DNA of both brands. This year more than ever, we want to raise our voices and firmly express our key values: design and innovation. \t\t\t\t\t\t\t\t\t\t\t<strong>SEE><\/strong>\n\t\t\t\t\t\t\t\t\t\t<\/p>\n\t\t\t\t\t\t\t\t\t<\/div>\n\t\t\t\t\t\t\t\t\t<hr \/>\n\t\t\t\t\t\t\t\t<\/div>\n\t\t\t\t\t\t\t<\/div>\n\t\t\t\t\t\t<\/a>\n\t\t\t\t\t<\/div>\n\t\t\t\t\t\t\t\t\t\t<div class=\"col-md-4 col-sm-6 col-xs-12 featured-notice\">\n\t\t\t\t\t\t\t\t\t\t\t\t<a href=\"https:\/\/ittceramic.com\/en\/colorker-group-anuncia-el-nombramiendo-de-ramon-debon-como-nuevo-director-general\/\">\n\t\t\t\t\t\t\t<div class=\"notice-wrapper\">\n\t\t\t\t\t\t\t\t<div class=\"notice\"\n\t\t\t\t\t\t\t\t\tstyle=\"background: url(https:\/\/ittceramic.com\/wp-content\/uploads\/2024\/07\/Ramon-Debon-v-horizontal-1-scaled.jpg) no-repeat center center; background-size: cover;\">\n\t\t\t\t\t\t\t\t<\/div>\n\t\t\t\t\t\t\t\t<div class=\"notice-detail\">\n\t\t\t\t\t\t\t\t\t<hr \/>\n\t\t\t\t\t\t\t\t\t<div>\n\t\t\t\t\t\t\t\t\t\t<h3 class=\"text-center\">Colorker Group anuncia el nombramiento de Ram\u00f3n Deb\u00f3n como nuevo Director General<\/h3>\n\t\t\t\t\t\t\t\t\t\t<p class=\"text-center\">\n\t\t\t\t\t\t\t\t\t\t\tGrupo Colorker tiene el gusto de anunciar el nombramiento de Ram\u00f3n Deb\u00f3n Vicent como nuevo\u00a0Director General\u00a0del Grupo. Con 17 a\u00f1os de trayectoria en la empresa, Deb\u00f3n ejerc\u00eda actualmente como Gerente de Operaciones y miembro del Consejo de Administraci\u00f3n, en el que representa a una de las ramas familiares fundadoras de la compa\u00f1\u00eda.\t\t\t\t\t\t\t\t\t\t\t<strong>SEE><\/strong>\n\t\t\t\t\t\t\t\t\t\t<\/p>\n\t\t\t\t\t\t\t\t\t<\/div>\n\t\t\t\t\t\t\t\t\t<hr \/>\n\t\t\t\t\t\t\t\t<\/div>\n\t\t\t\t\t\t\t<\/div>\n\t\t\t\t\t\t<\/a>\n\t\t\t\t\t<\/div>\n\t\t\t\t\t\t\t\t\t\t<div class=\"col-md-4 col-sm-6 col-xs-12 featured-notice\">\n\t\t\t\t\t\t\t\t\t\t\t\t<a href=\"https:\/\/ittceramic.com\/en\/beauty-al-fresco-designing-outdoor-spaces\/\">\n\t\t\t\t\t\t\t<div class=\"notice-wrapper\">\n\t\t\t\t\t\t\t\t<div class=\"notice\"\n\t\t\t\t\t\t\t\t\tstyle=\"background: url(https:\/\/ittceramic.com\/wp-content\/uploads\/2024\/05\/Amb-Burlington-Grey-Grip-120x120_Burlington-Grey-595x1192-2-scaled.jpg) no-repeat center center; background-size: cover;\">\n\t\t\t\t\t\t\t\t<\/div>\n\t\t\t\t\t\t\t\t<div class=\"notice-detail\">\n\t\t\t\t\t\t\t\t\t<hr \/>\n\t\t\t\t\t\t\t\t\t<div>\n\t\t\t\t\t\t\t\t\t\t<h3 class=\"text-center\">Beauty al fresco: designing outdoor spaces<\/h3>\n\t\t\t\t\t\t\t\t\t\t<p class=\"text-center\">\n\t\t\t\t\t\t\t\t\t\t\tDesigners are increasingly opting for designs that maintain continuity between indoor and outdoor spaces, seeking a connection between intimate, snug environments merged with nature in outdoor spaces.\t\t\t\t\t\t\t\t\t\t\t<strong>SEE><\/strong>\n\t\t\t\t\t\t\t\t\t\t<\/p>\n\t\t\t\t\t\t\t\t\t<\/div>\n\t\t\t\t\t\t\t\t\t<hr \/>\n\t\t\t\t\t\t\t\t<\/div>\n\t\t\t\t\t\t\t<\/div>\n\t\t\t\t\t\t<\/a>\n\t\t\t\t\t<\/div>\n\t\t\t\t\t\t\t\t\t\t<div class=\"col-md-4 col-sm-6 col-xs-12 featured-notice\">\n\t\t\t\t\t\t\t\t\t\t\t\t<a href=\"https:\/\/ittceramic.com\/en\/miscellanea-2024-stronger-together\/\">\n\t\t\t\t\t\t\t<div class=\"notice-wrapper\">\n\t\t\t\t\t\t\t\t<div class=\"notice\"\n\t\t\t\t\t\t\t\t\tstyle=\"background: url(https:\/\/ittceramic.com\/wp-content\/uploads\/2024\/02\/invitacion.jpg) no-repeat center center; background-size: cover;\">\n\t\t\t\t\t\t\t\t<\/div>\n\t\t\t\t\t\t\t\t<div class=\"notice-detail\">\n\t\t\t\t\t\t\t\t\t<hr \/>\n\t\t\t\t\t\t\t\t\t<div>\n\t\t\t\t\t\t\t\t\t\t<h3 class=\"text-center\">Miscellanea 2024: Stronger Together<\/h3>\n\t\t\t\t\t\t\t\t\t\t<p class=\"text-center\">\n\t\t\t\t\t\t\t\t\t\t\t\t\t\t\t\t\t\t\t\t\t\t<strong>SEE><\/strong>\n\t\t\t\t\t\t\t\t\t\t<\/p>\n\t\t\t\t\t\t\t\t\t<\/div>\n\t\t\t\t\t\t\t\t\t<hr \/>\n\t\t\t\t\t\t\t\t<\/div>\n\t\t\t\t\t\t\t<\/div>\n\t\t\t\t\t\t<\/a>\n\t\t\t\t\t<\/div>\n\t\t\t\t\t\t\t\t\t\t<div class=\"col-md-4 col-sm-6 col-xs-12 featured-notice\">\n\t\t\t\t\t\t\t\t\t\t\t\t<a href=\"https:\/\/ittceramic.com\/en\/itt-ceramic-les-desea-unas-felices-fiestas%f0%9f%8e%85%f0%9f%8e%84\/\">\n\t\t\t\t\t\t\t<div class=\"notice-wrapper\">\n\t\t\t\t\t\t\t\t<div class=\"notice\"\n\t\t\t\t\t\t\t\t\tstyle=\"background: url(https:\/\/ittceramic.com\/wp-content\/uploads\/2023\/12\/Tarjeta-Navidad-2023_ITT-2.jpg) no-repeat center center; background-size: cover;\">\n\t\t\t\t\t\t\t\t<\/div>\n\t\t\t\t\t\t\t\t<div class=\"notice-detail\">\n\t\t\t\t\t\t\t\t\t<hr \/>\n\t\t\t\t\t\t\t\t\t<div>\n\t\t\t\t\t\t\t\t\t\t<h3 class=\"text-center\">ITT Ceramic les desea unas Felices Fiestas??<\/h3>\n\t\t\t\t\t\t\t\t\t\t<p class=\"text-center\">\n\t\t\t\t\t\t\t\t\t\t\t\t\t\t\t\t\t\t\t\t\t\t<strong>SEE><\/strong>\n\t\t\t\t\t\t\t\t\t\t<\/p>\n\t\t\t\t\t\t\t\t\t<\/div>\n\t\t\t\t\t\t\t\t\t<hr \/>\n\t\t\t\t\t\t\t\t<\/div>\n\t\t\t\t\t\t\t<\/div>\n\t\t\t\t\t\t<\/a>\n\t\t\t\t\t<\/div>\n\t\t\t\t\t\t\t\t\t\t<div class=\"col-md-4 col-sm-6 col-xs-12 featured-notice\">\n\t\t\t\t\t\t\t\t\t\t\t\t<a href=\"https:\/\/ittceramic.com\/en\/itt-ceramics-perfect-miscellany-for-cersaie-2023\/\">\n\t\t\t\t\t\t\t<div class=\"notice-wrapper\">\n\t\t\t\t\t\t\t\t<div class=\"notice\"\n\t\t\t\t\t\t\t\t\tstyle=\"background: url(https:\/\/ittceramic.com\/wp-content\/uploads\/2023\/08\/4-1-scaled.jpg) no-repeat center center; background-size: cover;\">\n\t\t\t\t\t\t\t\t<\/div>\n\t\t\t\t\t\t\t\t<div class=\"notice-detail\">\n\t\t\t\t\t\t\t\t\t<hr \/>\n\t\t\t\t\t\t\t\t\t<div>\n\t\t\t\t\t\t\t\t\t\t<h3 class=\"text-center\">ITT Ceramic\u2019s Perfect Miscellanea for Cersaie 2023<\/h3>\n\t\t\t\t\t\t\t\t\t\t<p class=\"text-center\">\n\t\t\t\t\t\t\t\t\t\t\tEvery year, Cersaie serves as the platform where the ceramic industry\u2019s latest trends, revolutionary designs and cutting-edge technologies come together. And once again, ITT Ceramic is poised to unveil its latest ceramic innovations, featuring the trendiest designs on the market.\t\t\t\t\t\t\t\t\t\t\t<strong>SEE><\/strong>\n\t\t\t\t\t\t\t\t\t\t<\/p>\n\t\t\t\t\t\t\t\t\t<\/div>\n\t\t\t\t\t\t\t\t\t<hr \/>\n\t\t\t\t\t\t\t\t<\/div>\n\t\t\t\t\t\t\t<\/div>\n\t\t\t\t\t\t<\/a>\n\t\t\t\t\t<\/div>\n\t\t\t\t\t\t\t\t\t\t<div class=\"col-md-4 col-sm-6 col-xs-12 featured-notice\">\n\t\t\t\t\t\t\t\t\t\t\t\t<a href=\"https:\/\/ittceramic.com\/en\/the-perfect-choice-for-your-terrace\/\">\n\t\t\t\t\t\t\t<div class=\"notice-wrapper\">\n\t\t\t\t\t\t\t\t<div class=\"notice\"\n\t\t\t\t\t\t\t\t\tstyle=\"background: url(https:\/\/ittceramic.com\/wp-content\/uploads\/2023\/08\/Amb-Mahon-Rovere-Matt-25x150_Mahon-Rovere-Grip-25x150-2-scaled.jpg) no-repeat center center; background-size: cover;\">\n\t\t\t\t\t\t\t\t<\/div>\n\t\t\t\t\t\t\t\t<div class=\"notice-detail\">\n\t\t\t\t\t\t\t\t\t<hr \/>\n\t\t\t\t\t\t\t\t\t<div>\n\t\t\t\t\t\t\t\t\t\t<h3 class=\"text-center\">The perfect choice for your terrace: Ceramic floors that combine style and durability<\/h3>\n\t\t\t\t\t\t\t\t\t\t<p class=\"text-center\">\n\t\t\t\t\t\t\t\t\t\t\t\t\t\t\t\t\t\t\t\t\t\t<strong>SEE><\/strong>\n\t\t\t\t\t\t\t\t\t\t<\/p>\n\t\t\t\t\t\t\t\t\t<\/div>\n\t\t\t\t\t\t\t\t\t<hr \/>\n\t\t\t\t\t\t\t\t<\/div>\n\t\t\t\t\t\t\t<\/div>\n\t\t\t\t\t\t<\/a>\n\t\t\t\t\t<\/div>\n\t\t\t\t\t\t\t\t\t\t<div class=\"col-md-4 col-sm-6 col-xs-12 featured-notice\">\n\t\t\t\t\t\t\t\t\t\t\t\t<a href=\"https:\/\/ittceramic.com\/en\/new-itt-ceramic-general-catalog\/\">\n\t\t\t\t\t\t\t<div class=\"notice-wrapper\">\n\t\t\t\t\t\t\t\t<div class=\"notice\"\n\t\t\t\t\t\t\t\t\tstyle=\"background: url(https:\/\/ittceramic.com\/wp-content\/uploads\/2023\/06\/ITT-general-2023-mockup-ancho-1250.jpg) no-repeat center center; background-size: cover;\">\n\t\t\t\t\t\t\t\t<\/div>\n\t\t\t\t\t\t\t\t<div class=\"notice-detail\">\n\t\t\t\t\t\t\t\t\t<hr \/>\n\t\t\t\t\t\t\t\t\t<div>\n\t\t\t\t\t\t\t\t\t\t<h3 class=\"text-center\">NEW ITT CERAMIC GENERAL CATALOG<\/h3>\n\t\t\t\t\t\t\t\t\t\t<p class=\"text-center\">\n\t\t\t\t\t\t\t\t\t\t\t\t\t\t\t\t\t\t\t\t\t\t<strong>SEE><\/strong>\n\t\t\t\t\t\t\t\t\t\t<\/p>\n\t\t\t\t\t\t\t\t\t<\/div>\n\t\t\t\t\t\t\t\t\t<hr \/>\n\t\t\t\t\t\t\t\t<\/div>\n\t\t\t\t\t\t\t<\/div>\n\t\t\t\t\t\t<\/a>\n\t\t\t\t\t<\/div>\n\t\t\t\t\t\t\t\t\t\t<div class=\"col-md-4 col-sm-6 col-xs-12 featured-notice\">\n\t\t\t\t\t\t\t\t\t\t\t\t<a href=\"https:\/\/ittceramic.com\/en\/hexagons-the-design-trend-that-transforms-spaces-into-sophisticated-environments\/\">\n\t\t\t\t\t\t\t<div class=\"notice-wrapper\">\n\t\t\t\t\t\t\t\t<div class=\"notice\"\n\t\t\t\t\t\t\t\t\tstyle=\"background: url(https:\/\/ittceramic.com\/wp-content\/uploads\/2023\/06\/Amb-Africa.jpg) no-repeat center center; background-size: cover;\">\n\t\t\t\t\t\t\t\t<\/div>\n\t\t\t\t\t\t\t\t<div class=\"notice-detail\">\n\t\t\t\t\t\t\t\t\t<hr \/>\n\t\t\t\t\t\t\t\t\t<div>\n\t\t\t\t\t\t\t\t\t\t<h3 class=\"text-center\">Hexagons: The Design Trend that Transforms Spaces into Sophisticated Environments<\/h3>\n\t\t\t\t\t\t\t\t\t\t<p class=\"text-center\">\n\t\t\t\t\t\t\t\t\t\t\tDiscover how hexagons are revolutionising bathroom d\u00e9cor, adding style and elegance to every corner\t\t\t\t\t\t\t\t\t\t\t<strong>SEE><\/strong>\n\t\t\t\t\t\t\t\t\t\t<\/p>\n\t\t\t\t\t\t\t\t\t<\/div>\n\t\t\t\t\t\t\t\t\t<hr \/>\n\t\t\t\t\t\t\t\t<\/div>\n\t\t\t\t\t\t\t<\/div>\n\t\t\t\t\t\t<\/a>\n\t\t\t\t\t<\/div>\n\t\t\t\t\t\t\t\t\t\t<div class=\"col-md-4 col-sm-6 col-xs-12 featured-notice\">\n\t\t\t\t\t\t\t\t\t\t\t\t<a href=\"https:\/\/ittceramic.com\/en\/itt-ceramic-presents-its-new-general-catalog-2023\/\">\n\t\t\t\t\t\t\t<div class=\"notice-wrapper\">\n\t\t\t\t\t\t\t\t<div class=\"notice\"\n\t\t\t\t\t\t\t\t\tstyle=\"background: url() no-repeat center center; background-size: cover;\">\n\t\t\t\t\t\t\t\t<\/div>\n\t\t\t\t\t\t\t\t<div class=\"notice-detail\">\n\t\t\t\t\t\t\t\t\t<hr \/>\n\t\t\t\t\t\t\t\t\t<div>\n\t\t\t\t\t\t\t\t\t\t<h3 class=\"text-center\">ITT Ceramic presents its new General Catalog 2023<\/h3>\n\t\t\t\t\t\t\t\t\t\t<p class=\"text-center\">\n\t\t\t\t\t\t\t\t\t\t\t\t\t\t\t\t\t\t\t\t\t\t<strong>SEE><\/strong>\n\t\t\t\t\t\t\t\t\t\t<\/p>\n\t\t\t\t\t\t\t\t\t<\/div>\n\t\t\t\t\t\t\t\t\t<hr \/>\n\t\t\t\t\t\t\t\t<\/div>\n\t\t\t\t\t\t\t<\/div>\n\t\t\t\t\t\t<\/a>\n\t\t\t\t\t<\/div>\n\t\t\t\t\t\t\t\t\t\t<div class=\"col-md-4 col-sm-6 col-xs-12 featured-notice\">\n\t\t\t\t\t\t\t\t\t\t\t\t<a href=\"https:\/\/ittceramic.com\/en\/consejos-elegir-el-mejor-suelo\/\">\n\t\t\t\t\t\t\t<div class=\"notice-wrapper\">\n\t\t\t\t\t\t\t\t<div class=\"notice\"\n\t\t\t\t\t\t\t\t\tstyle=\"background: url(https:\/\/ittceramic.com\/wp-content\/uploads\/2023\/01\/Amb-Alabama-Natural-60x120.jpg) no-repeat center center; background-size: cover;\">\n\t\t\t\t\t\t\t\t<\/div>\n\t\t\t\t\t\t\t\t<div class=\"notice-detail\">\n\t\t\t\t\t\t\t\t\t<hr \/>\n\t\t\t\t\t\t\t\t\t<div>\n\t\t\t\t\t\t\t\t\t\t<h3 class=\"text-center\">Consejos para elegir el mejor suelo para tu casa<\/h3>\n\t\t\t\t\t\t\t\t\t\t<p class=\"text-center\">\n\t\t\t\t\t\t\t\t\t\t\t\u00bfPensando en renovar el suelo de tu casa? Cuando comenzamos a plantearnos la idea de buscar el suelo perfecto para nuestra casa, surgen millones de dudas. \u00bfTonos claros o oscuros? \u00bfFormato grande o peque\u00f1o? \u00bfMe gusta m\u00e1s un azulejo efecto madera o quedar\u00eda mejor una piedra suave?\t\t\t\t\t\t\t\t\t\t\t<strong>SEE><\/strong>\n\t\t\t\t\t\t\t\t\t\t<\/p>\n\t\t\t\t\t\t\t\t\t<\/div>\n\t\t\t\t\t\t\t\t\t<hr \/>\n\t\t\t\t\t\t\t\t<\/div>\n\t\t\t\t\t\t\t<\/div>\n\t\t\t\t\t\t<\/a>\n\t\t\t\t\t<\/div>\n\t\t\t\t\t\t\t\t\t\t<div class=\"col-md-4 col-sm-6 col-xs-12 featured-notice\">\n\t\t\t\t\t\t\t\t\t\t\t\t<a href=\"https:\/\/ittceramic.com\/en\/romantic-style-awakening-the-senses\/\">\n\t\t\t\t\t\t\t<div class=\"notice-wrapper\">\n\t\t\t\t\t\t\t\t<div class=\"notice\"\n\t\t\t\t\t\t\t\t\tstyle=\"background: url(https:\/\/ittceramic.com\/wp-content\/uploads\/2022\/12\/amb-24-osaka-rose.jpg) no-repeat center center; background-size: cover;\">\n\t\t\t\t\t\t\t\t<\/div>\n\t\t\t\t\t\t\t\t<div class=\"notice-detail\">\n\t\t\t\t\t\t\t\t\t<hr \/>\n\t\t\t\t\t\t\t\t\t<div>\n\t\t\t\t\t\t\t\t\t\t<h3 class=\"text-center\">Romantic Style: Awakening the Senses<\/h3>\n\t\t\t\t\t\t\t\t\t\t<p class=\"text-center\">\n\t\t\t\t\t\t\t\t\t\t\tWhen we talk about decoration, we usually hear little tricks to achieve a minimalist, modern or classic style. Even now we have heard repeatedly the Nordic or Scandinavian style. But there are also many other styles that not only flood all our spaces, but are compatible trends with other styles and which we can adapt to any type of space. \t\t\t\t\t\t\t\t\t\t\t<strong>SEE><\/strong>\n\t\t\t\t\t\t\t\t\t\t<\/p>\n\t\t\t\t\t\t\t\t\t<\/div>\n\t\t\t\t\t\t\t\t\t<hr \/>\n\t\t\t\t\t\t\t\t<\/div>\n\t\t\t\t\t\t\t<\/div>\n\t\t\t\t\t\t<\/a>\n\t\t\t\t\t<\/div>\n\t\t\t\t\t\t\t\t\t\t<div class=\"col-md-4 col-sm-6 col-xs-12 featured-notice\">\n\t\t\t\t\t\t\t\t\t\t\t\t<a href=\"https:\/\/ittceramic.com\/en\/mid-century\/\">\n\t\t\t\t\t\t\t<div class=\"notice-wrapper\">\n\t\t\t\t\t\t\t\t<div class=\"notice\"\n\t\t\t\t\t\t\t\t\tstyle=\"background: url(https:\/\/ittceramic.com\/wp-content\/uploads\/2022\/11\/Amb-Arauco.jpg) no-repeat center center; background-size: cover;\">\n\t\t\t\t\t\t\t\t<\/div>\n\t\t\t\t\t\t\t\t<div class=\"notice-detail\">\n\t\t\t\t\t\t\t\t\t<hr \/>\n\t\t\t\t\t\t\t\t\t<div>\n\t\t\t\t\t\t\t\t\t\t<h3 class=\"text-center\">MID CENTURY: El dise\u00f1o que perdura en el tiempo<\/h3>\n\t\t\t\t\t\t\t\t\t\t<p class=\"text-center\">\n\t\t\t\t\t\t\t\t\t\t\tEl estilo Mid Century sigue siendo una de las tendencias m\u00e1s deseadas en el mundo de la decoraci\u00f3n gracias a la integraci\u00f3n de diferentes elemento que lo convierte en un estilo original y atemporal. \t\t\t\t\t\t\t\t\t\t\t<strong>SEE><\/strong>\n\t\t\t\t\t\t\t\t\t\t<\/p>\n\t\t\t\t\t\t\t\t\t<\/div>\n\t\t\t\t\t\t\t\t\t<hr \/>\n\t\t\t\t\t\t\t\t<\/div>\n\t\t\t\t\t\t\t<\/div>\n\t\t\t\t\t\t<\/a>\n\t\t\t\t\t<\/div>\n\t\t\t\t\t\t\t\t\t\t<div class=\"col-md-4 col-sm-6 col-xs-12 featured-notice\">\n\t\t\t\t\t\t\t\t\t\t\t\t<a href=\"https:\/\/ittceramic.com\/en\/estilo-mid-century\/\">\n\t\t\t\t\t\t\t<div class=\"notice-wrapper\">\n\t\t\t\t\t\t\t\t<div class=\"notice\"\n\t\t\t\t\t\t\t\t\tstyle=\"background: url(https:\/\/ittceramic.com\/wp-content\/uploads\/2022\/11\/Amb-Arauco.jpg) no-repeat center center; background-size: cover;\">\n\t\t\t\t\t\t\t\t<\/div>\n\t\t\t\t\t\t\t\t<div class=\"notice-detail\">\n\t\t\t\t\t\t\t\t\t<hr \/>\n\t\t\t\t\t\t\t\t\t<div>\n\t\t\t\t\t\t\t\t\t\t<h3 class=\"text-center\">MID CENTURY STYLE: The design that stands the test of time.<\/h3>\n\t\t\t\t\t\t\t\t\t\t<p class=\"text-center\">\n\t\t\t\t\t\t\t\t\t\t\tThe Mid Century style continues to be one of the most desired trends in the world of decoration thanks to the integration of different elements that make it an original and timeless style. \t\t\t\t\t\t\t\t\t\t\t<strong>SEE><\/strong>\n\t\t\t\t\t\t\t\t\t\t<\/p>\n\t\t\t\t\t\t\t\t\t<\/div>\n\t\t\t\t\t\t\t\t\t<hr \/>\n\t\t\t\t\t\t\t\t<\/div>\n\t\t\t\t\t\t\t<\/div>\n\t\t\t\t\t\t<\/a>\n\t\t\t\t\t<\/div>\n\t\t\t\t\t\t\t\t\t\t<div class=\"col-md-4 col-sm-6 col-xs-12 featured-notice\">\n\t\t\t\t\t\t\t\t\t\t\t\t<a href=\"https:\/\/ittceramic.com\/en\/nordic-style-6-keys-to-decorate-your-home\/\">\n\t\t\t\t\t\t\t<div class=\"notice-wrapper\">\n\t\t\t\t\t\t\t\t<div class=\"notice\"\n\t\t\t\t\t\t\t\t\tstyle=\"background: url(https:\/\/ittceramic.com\/wp-content\/uploads\/2022\/10\/Amb-Corymbia-Honey-Matt-23x120.jpg) no-repeat center center; background-size: cover;\">\n\t\t\t\t\t\t\t\t<\/div>\n\t\t\t\t\t\t\t\t<div class=\"notice-detail\">\n\t\t\t\t\t\t\t\t\t<hr \/>\n\t\t\t\t\t\t\t\t\t<div>\n\t\t\t\t\t\t\t\t\t\t<h3 class=\"text-center\">Nordic Style: 6 keys to decorate your home<\/h3>\n\t\t\t\t\t\t\t\t\t\t<p class=\"text-center\">\n\t\t\t\t\t\t\t\t\t\t\tNordic Style: 6 keys to decorate your home\t\t\t\t\t\t\t\t\t\t\t<strong>SEE><\/strong>\n\t\t\t\t\t\t\t\t\t\t<\/p>\n\t\t\t\t\t\t\t\t\t<\/div>\n\t\t\t\t\t\t\t\t\t<hr \/>\n\t\t\t\t\t\t\t\t<\/div>\n\t\t\t\t\t\t\t<\/div>\n\t\t\t\t\t\t<\/a>\n\t\t\t\t\t<\/div>\n\t\t\t\t\t\t\t\t\t\t<div class=\"col-md-4 col-sm-6 col-xs-12 featured-notice\">\n\t\t\t\t\t\t\t\t\t\t\t\t<a href=\"https:\/\/ittceramic.com\/en\/estilo-clasico\/\">\n\t\t\t\t\t\t\t<div class=\"notice-wrapper\">\n\t\t\t\t\t\t\t\t<div class=\"notice\"\n\t\t\t\t\t\t\t\t\tstyle=\"background: url(https:\/\/ittceramic.com\/wp-content\/uploads\/2022\/10\/amb-18-calacatta-paonazzo-30x90.jpg) no-repeat center center; background-size: cover;\">\n\t\t\t\t\t\t\t\t<\/div>\n\t\t\t\t\t\t\t\t<div class=\"notice-detail\">\n\t\t\t\t\t\t\t\t\t<hr \/>\n\t\t\t\t\t\t\t\t\t<div>\n\t\t\t\t\t\t\t\t\t\t<h3 class=\"text-center\">Estilo cl\u00e1sico: la atemporalidad independiente de las nuevas tendencias<\/h3>\n\t\t\t\t\t\t\t\t\t\t<p class=\"text-center\">\n\t\t\t\t\t\t\t\t\t\t\tDurante muchos a\u00f1os, el estilo cl\u00e1sico se ha relacionado directamente con el uso de elementos decorativos antiguos y el empleo de colores que evocan a la abundancia y la riqueza, como los acabados dorados o plateados.\t\t\t\t\t\t\t\t\t\t\t<strong>SEE><\/strong>\n\t\t\t\t\t\t\t\t\t\t<\/p>\n\t\t\t\t\t\t\t\t\t<\/div>\n\t\t\t\t\t\t\t\t\t<hr \/>\n\t\t\t\t\t\t\t\t<\/div>\n\t\t\t\t\t\t\t<\/div>\n\t\t\t\t\t\t<\/a>\n\t\t\t\t\t<\/div>\n\t\t\t\t\t\t\t\t\t\t<div class=\"col-md-4 col-sm-6 col-xs-12 featured-notice\">\n\t\t\t\t\t\t\t\t\t\t\t\t<a href=\"https:\/\/ittceramic.com\/en\/estilo-art-deco\/\">\n\t\t\t\t\t\t\t<div class=\"notice-wrapper\">\n\t\t\t\t\t\t\t\t<div class=\"notice\"\n\t\t\t\t\t\t\t\t\tstyle=\"background: url(https:\/\/ittceramic.com\/wp-content\/uploads\/2022\/09\/Amb.Jurassic-Black-Decor-60x120.jpg) no-repeat center center; background-size: cover;\">\n\t\t\t\t\t\t\t\t<\/div>\n\t\t\t\t\t\t\t\t<div class=\"notice-detail\">\n\t\t\t\t\t\t\t\t\t<hr \/>\n\t\t\t\t\t\t\t\t\t<div>\n\t\t\t\t\t\t\t\t\t\t<h3 class=\"text-center\">Art Deco: el mundo de la belleza creativa<\/h3>\n\t\t\t\t\t\t\t\t\t\t<p class=\"text-center\">\n\t\t\t\t\t\t\t\t\t\t\t\t\t\t\t\t\t\t\t\t\t\t<strong>SEE><\/strong>\n\t\t\t\t\t\t\t\t\t\t<\/p>\n\t\t\t\t\t\t\t\t\t<\/div>\n\t\t\t\t\t\t\t\t\t<hr \/>\n\t\t\t\t\t\t\t\t<\/div>\n\t\t\t\t\t\t\t<\/div>\n\t\t\t\t\t\t<\/a>\n\t\t\t\t\t<\/div>\n\t\t\t\t\t\t\t\t\t\t<div class=\"col-md-4 col-sm-6 col-xs-12 featured-notice\">\n\t\t\t\t\t\t\t\t\t\t\t\t<a href=\"https:\/\/ittceramic.com\/en\/minimalist-style\/\">\n\t\t\t\t\t\t\t<div class=\"notice-wrapper\">\n\t\t\t\t\t\t\t\t<div class=\"notice\"\n\t\t\t\t\t\t\t\t\tstyle=\"background: url(https:\/\/ittceramic.com\/wp-content\/uploads\/2022\/05\/amb-16-atlantida.jpg) no-repeat center center; background-size: cover;\">\n\t\t\t\t\t\t\t\t<\/div>\n\t\t\t\t\t\t\t\t<div class=\"notice-detail\">\n\t\t\t\t\t\t\t\t\t<hr \/>\n\t\t\t\t\t\t\t\t\t<div>\n\t\t\t\t\t\t\t\t\t\t<h3 class=\"text-center\">MINIMALIST STYLE: THE FASHION THAT NEVER GOES OUT OF STYLE<\/h3>\n\t\t\t\t\t\t\t\t\t\t<p class=\"text-center\">\n\t\t\t\t\t\t\t\t\t\t\tLess is more. A philosophy that combines everyday practicality with elegance and modernity.\t\t\t\t\t\t\t\t\t\t\t<strong>SEE><\/strong>\n\t\t\t\t\t\t\t\t\t\t<\/p>\n\t\t\t\t\t\t\t\t\t<\/div>\n\t\t\t\t\t\t\t\t\t<hr \/>\n\t\t\t\t\t\t\t\t<\/div>\n\t\t\t\t\t\t\t<\/div>\n\t\t\t\t\t\t<\/a>\n\t\t\t\t\t<\/div>\n\t\t\t\t\t\t\t\t\t\t<div class=\"col-md-4 col-sm-6 col-xs-12 featured-notice\">\n\t\t\t\t\t\t\t\t\t\t\t\t<a href=\"https:\/\/ittceramic.com\/en\/2dos-porcelain-porcelain-double-thickness\/\">\n\t\t\t\t\t\t\t<div class=\"notice-wrapper\">\n\t\t\t\t\t\t\t\t<div class=\"notice\"\n\t\t\t\t\t\t\t\t\tstyle=\"background: url(https:\/\/ittceramic.com\/wp-content\/uploads\/2022\/05\/Amb-Quarzite-Pearl-90x90-2CM-Quarzite-Pearl-60x120-1.jpg) no-repeat center center; background-size: cover;\">\n\t\t\t\t\t\t\t\t<\/div>\n\t\t\t\t\t\t\t\t<div class=\"notice-detail\">\n\t\t\t\t\t\t\t\t\t<hr \/>\n\t\t\t\t\t\t\t\t\t<div>\n\t\t\t\t\t\t\t\t\t\t<h3 class=\"text-center\">2DOS, a 20 mm-thick porcelain tile for terraces and exteriors<\/h3>\n\t\t\t\t\t\t\t\t\t\t<p class=\"text-center\">\n\t\t\t\t\t\t\t\t\t\t\tIn addition to its impressive durability, the double thickness of 2DOS by ITT Ceramica allows for multiple laying options, making it a versatile all-rounder. Discover its possibilities!\t\t\t\t\t\t\t\t\t\t\t<strong>SEE><\/strong>\n\t\t\t\t\t\t\t\t\t\t<\/p>\n\t\t\t\t\t\t\t\t\t<\/div>\n\t\t\t\t\t\t\t\t\t<hr \/>\n\t\t\t\t\t\t\t\t<\/div>\n\t\t\t\t\t\t\t<\/div>\n\t\t\t\t\t\t<\/a>\n\t\t\t\t\t<\/div>\n\t\t\t\t\t\t\t\t\t\t<div class=\"col-md-4 col-sm-6 col-xs-12 featured-notice\">\n\t\t\t\t\t\t\t\t\t\t\t\t<a href=\"https:\/\/ittceramic.com\/en\/mediterranean-style\/\">\n\t\t\t\t\t\t\t<div class=\"notice-wrapper\">\n\t\t\t\t\t\t\t\t<div class=\"notice\"\n\t\t\t\t\t\t\t\t\tstyle=\"background: url(https:\/\/ittceramic.com\/wp-content\/uploads\/2022\/04\/amb-20-ithaca-maple.jpg) no-repeat center center; background-size: cover;\">\n\t\t\t\t\t\t\t\t<\/div>\n\t\t\t\t\t\t\t\t<div class=\"notice-detail\">\n\t\t\t\t\t\t\t\t\t<hr \/>\n\t\t\t\t\t\t\t\t\t<div>\n\t\t\t\t\t\t\t\t\t\t<h3 class=\"text-center\">Mediterranean style: the look that takes you to the shores of Ibiza and Greece<\/h3>\n\t\t\t\t\t\t\t\t\t\t<p class=\"text-center\">\n\t\t\t\t\t\t\t\t\t\t\tTeleporting yourself to the most beautiful and idyllic coasts of Ibiza or Santorini is more feasible than ever before using decoration. Feel the calm and serenity of the sea with these failproof tips for Mediterranean-style homes. \t\t\t\t\t\t\t\t\t\t\t<strong>SEE><\/strong>\n\t\t\t\t\t\t\t\t\t\t<\/p>\n\t\t\t\t\t\t\t\t\t<\/div>\n\t\t\t\t\t\t\t\t\t<hr \/>\n\t\t\t\t\t\t\t\t<\/div>\n\t\t\t\t\t\t\t<\/div>\n\t\t\t\t\t\t<\/a>\n\t\t\t\t\t<\/div>\n\t\t\t\t\t\t\t\t\t\t<div class=\"col-md-4 col-sm-6 col-xs-12 featured-notice\">\n\t\t\t\t\t\t\t\t\t\t\t\t<a href=\"https:\/\/ittceramic.com\/en\/new-kiln\/\">\n\t\t\t\t\t\t\t<div class=\"notice-wrapper\">\n\t\t\t\t\t\t\t\t<div class=\"notice\"\n\t\t\t\t\t\t\t\t\tstyle=\"background: url(https:\/\/ittceramic.com\/wp-content\/uploads\/2022\/05\/nuevo-horno.jpg) no-repeat center center; background-size: cover;\">\n\t\t\t\t\t\t\t\t<\/div>\n\t\t\t\t\t\t\t\t<div class=\"notice-detail\">\n\t\t\t\t\t\t\t\t\t<hr \/>\n\t\t\t\t\t\t\t\t\t<div>\n\t\t\t\t\t\t\t\t\t\t<h3 class=\"text-center\">We increase production by +50% with the installation of a new kiln<\/h3>\n\t\t\t\t\t\t\t\t\t\t<p class=\"text-center\">\n\t\t\t\t\t\t\t\t\t\t\tThis milestone is part of our ambitious investment programme for 2022 to improve our customer service. New technology to produce more metres more efficiently, reducing up to 20% of gas consumption per unit produced.\t\t\t\t\t\t\t\t\t\t\t<strong>SEE><\/strong>\n\t\t\t\t\t\t\t\t\t\t<\/p>\n\t\t\t\t\t\t\t\t\t<\/div>\n\t\t\t\t\t\t\t\t\t<hr \/>\n\t\t\t\t\t\t\t\t<\/div>\n\t\t\t\t\t\t\t<\/div>\n\t\t\t\t\t\t<\/a>\n\t\t\t\t\t<\/div>\n\t\t\t\t\t\t\t\t\t\t<div class=\"col-md-4 col-sm-6 col-xs-12 featured-notice\">\n\t\t\t\t\t\t\t\t\t\t\t\t<a href=\"https:\/\/ittceramic.com\/en\/wabi-sabi-style\/\">\n\t\t\t\t\t\t\t<div class=\"notice-wrapper\">\n\t\t\t\t\t\t\t\t<div class=\"notice\"\n\t\t\t\t\t\t\t\t\tstyle=\"background: url(https:\/\/ittceramic.com\/wp-content\/uploads\/2022\/04\/estilo-wabi-sabi-6.jpg) no-repeat center center; background-size: cover;\">\n\t\t\t\t\t\t\t\t<\/div>\n\t\t\t\t\t\t\t\t<div class=\"notice-detail\">\n\t\t\t\t\t\t\t\t\t<hr \/>\n\t\t\t\t\t\t\t\t\t<div>\n\t\t\t\t\t\t\t\t\t\t<h3 class=\"text-center\">Wabi-Sabi Style (or how to learn to accept imperfection in decoration)<\/h3>\n\t\t\t\t\t\t\t\t\t\t<p class=\"text-center\">\n\t\t\t\t\t\t\t\t\t\t\tWabi-Sabi style is more than a way of decorating: it\u2019s a philosophy of life that teaches us to value the moment and everything we have. Do you want to learn how to live Wabi-Sabi? Start at the source: your home.\t\t\t\t\t\t\t\t\t\t\t<strong>SEE><\/strong>\n\t\t\t\t\t\t\t\t\t\t<\/p>\n\t\t\t\t\t\t\t\t\t<\/div>\n\t\t\t\t\t\t\t\t\t<hr \/>\n\t\t\t\t\t\t\t\t<\/div>\n\t\t\t\t\t\t\t<\/div>\n\t\t\t\t\t\t<\/a>\n\t\t\t\t\t<\/div>\n\t\t\t\t\t\t\t\t\t\t<div class=\"col-md-4 col-sm-6 col-xs-12 featured-notice\">\n\t\t\t\t\t\t\t\t\t\t\t\t<a href=\"https:\/\/ittceramic.com\/en\/itt-ceramic-coverings-2022\/\">\n\t\t\t\t\t\t\t<div class=\"notice-wrapper\">\n\t\t\t\t\t\t\t\t<div class=\"notice\"\n\t\t\t\t\t\t\t\t\tstyle=\"background: url(https:\/\/ittceramic.com\/wp-content\/uploads\/2022\/03\/itt-ceramic-coverings-2022.jpg) no-repeat center center; background-size: cover;\">\n\t\t\t\t\t\t\t\t<\/div>\n\t\t\t\t\t\t\t\t<div class=\"notice-detail\">\n\t\t\t\t\t\t\t\t\t<hr \/>\n\t\t\t\t\t\t\t\t\t<div>\n\t\t\t\t\t\t\t\t\t\t<h3 class=\"text-center\">ITT Ceramic is taking the plunge into the US market: #RoadTo Coverings 2022<\/h3>\n\t\t\t\t\t\t\t\t\t\t<p class=\"text-center\">\n\t\t\t\t\t\t\t\t\t\t\tThe company will be taking part once again at this event in the 2022 edition held in Las Vegas from April 5 to 8.The new products presented include trending stone series such as Kairos, Tokio or Campaspero; incredible hyper-realistic woods such as Soleil or Amalfi; or the latest Creative hexagonal collections.\t\t\t\t\t\t\t\t\t\t\t<strong>SEE><\/strong>\n\t\t\t\t\t\t\t\t\t\t<\/p>\n\t\t\t\t\t\t\t\t\t<\/div>\n\t\t\t\t\t\t\t\t\t<hr \/>\n\t\t\t\t\t\t\t\t<\/div>\n\t\t\t\t\t\t\t<\/div>\n\t\t\t\t\t\t<\/a>\n\t\t\t\t\t<\/div>\n\t\t\t\t\t\t\t\t\t\t<div class=\"col-md-4 col-sm-6 col-xs-12 featured-notice\">\n\t\t\t\t\t\t\t\t\t\t\t\t<a href=\"https:\/\/ittceramic.com\/en\/modern-rustic-style\/\">\n\t\t\t\t\t\t\t<div class=\"notice-wrapper\">\n\t\t\t\t\t\t\t\t<div class=\"notice\"\n\t\t\t\t\t\t\t\t\tstyle=\"background: url(https:\/\/ittceramic.com\/wp-content\/uploads\/2022\/03\/estilo-rustico-moderno.jpg) no-repeat center center; background-size: cover;\">\n\t\t\t\t\t\t\t\t<\/div>\n\t\t\t\t\t\t\t\t<div class=\"notice-detail\">\n\t\t\t\t\t\t\t\t\t<hr \/>\n\t\t\t\t\t\t\t\t\t<div>\n\t\t\t\t\t\t\t\t\t\t<h3 class=\"text-center\">The keys to the modern rustic style: the rise of country living turned d\u00e9cor<\/h3>\n\t\t\t\t\t\t\t\t\t\t<p class=\"text-center\">\n\t\t\t\t\t\t\t\t\t\t\tThe exodus from the city to the countryside that is so in vogue now has led the rustic style to become one of the most popular interior design trends in pandemic-era homes. Discover how to nail this comfortable, simple, natural look without your home looking old-fashioned. It\u2019s time for the new rustic. \t\t\t\t\t\t\t\t\t\t\t<strong>SEE><\/strong>\n\t\t\t\t\t\t\t\t\t\t<\/p>\n\t\t\t\t\t\t\t\t\t<\/div>\n\t\t\t\t\t\t\t\t\t<hr \/>\n\t\t\t\t\t\t\t\t<\/div>\n\t\t\t\t\t\t\t<\/div>\n\t\t\t\t\t\t<\/a>\n\t\t\t\t\t<\/div>\n\t\t\t\t\t\t\t\t\t\t<div class=\"col-md-4 col-sm-6 col-xs-12 featured-notice\">\n\t\t\t\t\t\t\t\t\t\t\t\t<a href=\"https:\/\/ittceramic.com\/en\/japandi-style\/\">\n\t\t\t\t\t\t\t<div class=\"notice-wrapper\">\n\t\t\t\t\t\t\t\t<div class=\"notice\"\n\t\t\t\t\t\t\t\t\tstyle=\"background: url(https:\/\/ittceramic.com\/wp-content\/uploads\/2022\/01\/TOKIO_LIGHT_DECOR_LIGHT_60X120_AMB-1.jpg) no-repeat center center; background-size: cover;\">\n\t\t\t\t\t\t\t\t<\/div>\n\t\t\t\t\t\t\t\t<div class=\"notice-detail\">\n\t\t\t\t\t\t\t\t\t<hr \/>\n\t\t\t\t\t\t\t\t\t<div>\n\t\t\t\t\t\t\t\t\t\t<h3 class=\"text-center\">Japandi: Everything you need to know about the style taking the interior designer world by storm in 2022<\/h3>\n\t\t\t\t\t\t\t\t\t\t<p class=\"text-center\">\n\t\t\t\t\t\t\t\t\t\t\tLike \u2018something out of mythology\u2019 \u2014 half Scandi, half Japanese mythology \u2014, Japandi has risen from the ashes to dominate our living spaces in 2022. Find out the keys to the most-searched design style by interior designers on Pinterest. Konnichiwa!\t\t\t\t\t\t\t\t\t\t\t<strong>SEE><\/strong>\n\t\t\t\t\t\t\t\t\t\t<\/p>\n\t\t\t\t\t\t\t\t\t<\/div>\n\t\t\t\t\t\t\t\t\t<hr \/>\n\t\t\t\t\t\t\t\t<\/div>\n\t\t\t\t\t\t\t<\/div>\n\t\t\t\t\t\t<\/a>\n\t\t\t\t\t<\/div>\n\t\t\t\t\t\t\t\t\t\t<div class=\"col-md-4 col-sm-6 col-xs-12 featured-notice\">\n\t\t\t\t\t\t\t\t\t\t\t\t<a href=\"https:\/\/ittceramic.com\/en\/sistema-gestion-calidad\/\">\n\t\t\t\t\t\t\t<div class=\"notice-wrapper\">\n\t\t\t\t\t\t\t\t<div class=\"notice\"\n\t\t\t\t\t\t\t\t\tstyle=\"background: url(https:\/\/ittceramic.com\/wp-content\/uploads\/2021\/11\/sistema-gestion-calidad.jpg) no-repeat center center; background-size: cover;\">\n\t\t\t\t\t\t\t\t<\/div>\n\t\t\t\t\t\t\t\t<div class=\"notice-detail\">\n\t\t\t\t\t\t\t\t\t<hr \/>\n\t\t\t\t\t\t\t\t\t<div>\n\t\t\t\t\t\t\t\t\t\t<h3 class=\"text-center\">Sistema de Gesti\u00f3n de la Calidad o c\u00f3mo mejorar la rentabilidad mediante la industria inteligente<\/h3>\n\t\t\t\t\t\t\t\t\t\t<p class=\"text-center\">\n\t\t\t\t\t\t\t\t\t\t\tSomos compa\u00f1\u00eda pionera en la industria 4.0 como proceso que lleva aparejado tras de s\u00ed un an\u00e1lisis de datos que permite automatizar procesos y adelantarse en la toma de decisiones estrat\u00e9gicas. Una apuesta firme por la digitalizaci\u00f3n e inteligencia artificial que garantiza la rentabilidad y la competitividad. \t\t\t\t\t\t\t\t\t\t\t<strong>SEE><\/strong>\n\t\t\t\t\t\t\t\t\t\t<\/p>\n\t\t\t\t\t\t\t\t\t<\/div>\n\t\t\t\t\t\t\t\t\t<hr \/>\n\t\t\t\t\t\t\t\t<\/div>\n\t\t\t\t\t\t\t<\/div>\n\t\t\t\t\t\t<\/a>\n\t\t\t\t\t<\/div>\n\t\t\t\t\t\t\t\t\t\t<div class=\"col-md-4 col-sm-6 col-xs-12 featured-notice\">\n\t\t\t\t\t\t\t\t\t\t\t\t<a href=\"https:\/\/ittceramic.com\/en\/a-view-of-cersaie\/\">\n\t\t\t\t\t\t\t<div class=\"notice-wrapper\">\n\t\t\t\t\t\t\t\t<div class=\"notice\"\n\t\t\t\t\t\t\t\t\tstyle=\"background: url(https:\/\/ittceramic.com\/wp-content\/uploads\/2021\/10\/balance-cersaie.jpg) no-repeat center center; background-size: cover;\">\n\t\t\t\t\t\t\t\t<\/div>\n\t\t\t\t\t\t\t\t<div class=\"notice-detail\">\n\t\t\t\t\t\t\t\t\t<hr \/>\n\t\t\t\t\t\t\t\t\t<div>\n\t\t\t\t\t\t\t\t\t\t<h3 class=\"text-center\">ITT Ceramic delights at Cersaie with its variety of formats and incredible material effects<\/h3>\n\t\t\t\t\t\t\t\t\t\t<p class=\"text-center\">\n\t\t\t\t\t\t\t\t\t\t\tThe firm is satisfied and optimistic with regard to the number of visits received at the stand shared with the large-format sintered stone Arklam.\u00a0\t\t\t\t\t\t\t\t\t\t\t<strong>SEE><\/strong>\n\t\t\t\t\t\t\t\t\t\t<\/p>\n\t\t\t\t\t\t\t\t\t<\/div>\n\t\t\t\t\t\t\t\t\t<hr \/>\n\t\t\t\t\t\t\t\t<\/div>\n\t\t\t\t\t\t\t<\/div>\n\t\t\t\t\t\t<\/a>\n\t\t\t\t\t<\/div>\n\t\t\t\t\t\t\t\t\t\t<div class=\"col-md-4 col-sm-6 col-xs-12 featured-notice\">\n\t\t\t\t\t\t\t\t\t\t\t\t<a href=\"https:\/\/ittceramic.com\/en\/cersaie-bologna-fair\/\">\n\t\t\t\t\t\t\t<div class=\"notice-wrapper\">\n\t\t\t\t\t\t\t\t<div class=\"notice\"\n\t\t\t\t\t\t\t\t\tstyle=\"background: url(https:\/\/ittceramic.com\/wp-content\/uploads\/2021\/09\/ittceramic-cersaie-2021-1.jpg) no-repeat center center; background-size: cover;\">\n\t\t\t\t\t\t\t\t<\/div>\n\t\t\t\t\t\t\t\t<div class=\"notice-detail\">\n\t\t\t\t\t\t\t\t\t<hr \/>\n\t\t\t\t\t\t\t\t\t<div>\n\t\t\t\t\t\t\t\t\t\t<h3 class=\"text-center\">ITT Ceramic makes a comeback at Cersaie with more than 200 new products<\/h3>\n\t\t\t\t\t\t\t\t\t\t<p class=\"text-center\">\n\t\t\t\t\t\t\t\t\t\t\tThe company is bolstering its product plan with new collections across all strategic segments: marble, concrete, stone, wood and small format (Creative). \t\t\t\t\t\t\t\t\t\t\t<strong>SEE><\/strong>\n\t\t\t\t\t\t\t\t\t\t<\/p>\n\t\t\t\t\t\t\t\t\t<\/div>\n\t\t\t\t\t\t\t\t\t<hr \/>\n\t\t\t\t\t\t\t\t<\/div>\n\t\t\t\t\t\t\t<\/div>\n\t\t\t\t\t\t<\/a>\n\t\t\t\t\t<\/div>\n\t\t\t\t\t\t\t\t\t\t<div class=\"col-md-4 col-sm-6 col-xs-12 featured-notice\">\n\t\t\t\t\t\t\t\t\t\t\t\t<a href=\"https:\/\/ittceramic.com\/en\/terrace-flooring\/\">\n\t\t\t\t\t\t\t<div class=\"notice-wrapper\">\n\t\t\t\t\t\t\t\t<div class=\"notice\"\n\t\t\t\t\t\t\t\t\tstyle=\"background: url(https:\/\/ittceramic.com\/wp-content\/uploads\/2021\/08\/suelos-para-terrazas-kairos-2.jpg) no-repeat center center; background-size: cover;\">\n\t\t\t\t\t\t\t\t<\/div>\n\t\t\t\t\t\t\t\t<div class=\"notice-detail\">\n\t\t\t\t\t\t\t\t\t<hr \/>\n\t\t\t\t\t\t\t\t\t<div>\n\t\t\t\t\t\t\t\t\t\t<h3 class=\"text-center\">Terrace flooring: expert tips for choosing the best outdoor flooring<\/h3>\n\t\t\t\t\t\t\t\t\t\t<p class=\"text-center\">\n\t\t\t\t\t\t\t\t\t\t\tDo you know which is the best flooring for your project? Here are some tips from our professionals for a beautiful - and safe - terrace. Living la vida \u2018fresh\u2019!\t\t\t\t\t\t\t\t\t\t\t<strong>SEE><\/strong>\n\t\t\t\t\t\t\t\t\t\t<\/p>\n\t\t\t\t\t\t\t\t\t<\/div>\n\t\t\t\t\t\t\t\t\t<hr \/>\n\t\t\t\t\t\t\t\t<\/div>\n\t\t\t\t\t\t\t<\/div>\n\t\t\t\t\t\t<\/a>\n\t\t\t\t\t<\/div>\n\t\t\t\t\t\t\t\t\t\t<div class=\"col-md-4 col-sm-6 col-xs-12 featured-notice\">\n\t\t\t\t\t\t\t\t\t\t\t\t<a href=\"https:\/\/ittceramic.com\/en\/cottage-style\/\">\n\t\t\t\t\t\t\t<div class=\"notice-wrapper\">\n\t\t\t\t\t\t\t\t<div class=\"notice\"\n\t\t\t\t\t\t\t\t\tstyle=\"background: url(https:\/\/ittceramic.com\/wp-content\/uploads\/2021\/07\/estilo-cottage.jpg) no-repeat center center; background-size: cover;\">\n\t\t\t\t\t\t\t\t<\/div>\n\t\t\t\t\t\t\t\t<div class=\"notice-detail\">\n\t\t\t\t\t\t\t\t\t<hr \/>\n\t\t\t\t\t\t\t\t\t<div>\n\t\t\t\t\t\t\t\t\t\t<h3 class=\"text-center\">Cottage style, or &#8216;the exodus from the city to the countryside&#8217; that is so in vogue<\/h3>\n\t\t\t\t\t\t\t\t\t\t<p class=\"text-center\">\n\t\t\t\t\t\t\t\t\t\t\tThe pandemic and the boom in telework have led many people to rethink their approach to life. The cottage style is rising from the ashes to show that a slow, quiet lifestyle, far from the city, is possible.\t\t\t\t\t\t\t\t\t\t\t<strong>SEE><\/strong>\n\t\t\t\t\t\t\t\t\t\t<\/p>\n\t\t\t\t\t\t\t\t\t<\/div>\n\t\t\t\t\t\t\t\t\t<hr \/>\n\t\t\t\t\t\t\t\t<\/div>\n\t\t\t\t\t\t\t<\/div>\n\t\t\t\t\t\t<\/a>\n\t\t\t\t\t<\/div>\n\t\t\t\t\t\t\t\t\t\t<div class=\"col-md-4 col-sm-6 col-xs-12 featured-notice\">\n\t\t\t\t\t\t\t\t\t\t\t\t<a href=\"https:\/\/ittceramic.com\/en\/ittceramic-showroom-360\/\">\n\t\t\t\t\t\t\t<div class=\"notice-wrapper\">\n\t\t\t\t\t\t\t\t<div class=\"notice\"\n\t\t\t\t\t\t\t\t\tstyle=\"background: url(https:\/\/ittceramic.com\/wp-content\/uploads\/2021\/07\/ITT_Entrada.jpg) no-repeat center center; background-size: cover;\">\n\t\t\t\t\t\t\t\t<\/div>\n\t\t\t\t\t\t\t\t<div class=\"notice-detail\">\n\t\t\t\t\t\t\t\t\t<hr \/>\n\t\t\t\t\t\t\t\t\t<div>\n\t\t\t\t\t\t\t\t\t\t<h3 class=\"text-center\">ITT Ceramic presents the showroom of the future in 360\u00ba<\/h3>\n\t\t\t\t\t\t\t\t\t\t<p class=\"text-center\">\n\t\t\t\t\t\t\t\t\t\t\tA new 360\u00ba showroom concept that allows you to view the latest floor and wall tile collections integrated into different public and private spaces in full detail.\t\t\t\t\t\t\t\t\t\t\t<strong>SEE><\/strong>\n\t\t\t\t\t\t\t\t\t\t<\/p>\n\t\t\t\t\t\t\t\t\t<\/div>\n\t\t\t\t\t\t\t\t\t<hr \/>\n\t\t\t\t\t\t\t\t<\/div>\n\t\t\t\t\t\t\t<\/div>\n\t\t\t\t\t\t<\/a>\n\t\t\t\t\t<\/div>\n\t\t\t\t\t\t\t\t\t\t<div class=\"col-md-4 col-sm-6 col-xs-12 featured-notice\">\n\t\t\t\t\t\t\t\t\t\t\t\t<a href=\"https:\/\/ittceramic.com\/en\/ittceramic-coverings\/\">\n\t\t\t\t\t\t\t<div class=\"notice-wrapper\">\n\t\t\t\t\t\t\t\t<div class=\"notice\"\n\t\t\t\t\t\t\t\t\tstyle=\"background: url(https:\/\/ittceramic.com\/wp-content\/uploads\/2021\/07\/ITT-coverings-2021.jpg) no-repeat center center; background-size: cover;\">\n\t\t\t\t\t\t\t\t<\/div>\n\t\t\t\t\t\t\t\t<div class=\"notice-detail\">\n\t\t\t\t\t\t\t\t\t<hr \/>\n\t\t\t\t\t\t\t\t\t<div>\n\t\t\t\t\t\t\t\t\t\t<h3 class=\"text-center\">ITT Ceramic and Arklam return to Coverings to launch their latest new products on the North American market<\/h3>\n\t\t\t\t\t\t\t\t\t\t<p class=\"text-center\">\n\t\t\t\t\t\t\t\t\t\t\tSaniceramic Group has gone to great lengths to attend the fair, demonstrating that the North American market remains a strategic target market. \t\t\t\t\t\t\t\t\t\t\t<strong>SEE><\/strong>\n\t\t\t\t\t\t\t\t\t\t<\/p>\n\t\t\t\t\t\t\t\t\t<\/div>\n\t\t\t\t\t\t\t\t\t<hr \/>\n\t\t\t\t\t\t\t\t<\/div>\n\t\t\t\t\t\t\t<\/div>\n\t\t\t\t\t\t<\/a>\n\t\t\t\t\t<\/div>\n\t\t\t\t\t\t\t\t\t\t<div class=\"col-md-4 col-sm-6 col-xs-12 featured-notice\">\n\t\t\t\t\t\t\t\t\t\t\t\t<a href=\"https:\/\/ittceramic.com\/en\/new-itt-ceramic-and-arklam-exhibition-in-tunis\/\">\n\t\t\t\t\t\t\t<div class=\"notice-wrapper\">\n\t\t\t\t\t\t\t\t<div class=\"notice\"\n\t\t\t\t\t\t\t\t\tstyle=\"background: url(https:\/\/ittceramic.com\/wp-content\/uploads\/2020\/03\/Expo-Distribuidor-Tunez_09.jpeg) no-repeat center center; background-size: cover;\">\n\t\t\t\t\t\t\t\t<\/div>\n\t\t\t\t\t\t\t\t<div class=\"notice-detail\">\n\t\t\t\t\t\t\t\t\t<hr \/>\n\t\t\t\t\t\t\t\t\t<div>\n\t\t\t\t\t\t\t\t\t\t<h3 class=\"text-center\">New ITT Ceramic and Arklam exhibition in Tunis<\/h3>\n\t\t\t\t\t\t\t\t\t\t<p class=\"text-center\">\n\t\t\t\t\t\t\t\t\t\t\tNew ITT Ceramic and Arklam exhibition in Tunis\t\t\t\t\t\t\t\t\t\t\t<strong>SEE><\/strong>\n\t\t\t\t\t\t\t\t\t\t<\/p>\n\t\t\t\t\t\t\t\t\t<\/div>\n\t\t\t\t\t\t\t\t\t<hr \/>\n\t\t\t\t\t\t\t\t<\/div>\n\t\t\t\t\t\t\t<\/div>\n\t\t\t\t\t\t<\/a>\n\t\t\t\t\t<\/div>\n\t\t\t\t\t\t\t\t\t\t<div class=\"col-md-4 col-sm-6 col-xs-12 featured-notice\">\n\t\t\t\t\t\t\t\t\t\t\t\t<a href=\"https:\/\/ittceramic.com\/colorker-e-itt-ya-somos-un-solo-grupo\/\">\n\t\t\t\t\t\t\t<div class=\"notice-wrapper\">\n\t\t\t\t\t\t\t\t<div class=\"notice\"\n\t\t\t\t\t\t\t\t\tstyle=\"background: url(https:\/\/ittceramic.com\/wp-content\/uploads\/2020\/01\/grupo-colorker.jpg) no-repeat center center; background-size: cover;\">\n\t\t\t\t\t\t\t\t<\/div>\n\t\t\t\t\t\t\t\t<div class=\"notice-detail\">\n\t\t\t\t\t\t\t\t\t<hr \/>\n\t\t\t\t\t\t\t\t\t<div>\n\t\t\t\t\t\t\t\t\t\t<h3 class=\"text-center\">&#8220;Colorker e Itt ya somos un solo grupo&#8221;<\/h3>\n\t\t\t\t\t\t\t\t\t\t<p class=\"text-center\">\n\t\t\t\t\t\t\t\t\t\t\t\t\t\t\t\t\t\t\t\t\t\t<strong>SEE><\/strong>\n\t\t\t\t\t\t\t\t\t\t<\/p>\n\t\t\t\t\t\t\t\t\t<\/div>\n\t\t\t\t\t\t\t\t\t<hr \/>\n\t\t\t\t\t\t\t\t<\/div>\n\t\t\t\t\t\t\t<\/div>\n\t\t\t\t\t\t<\/a>\n\t\t\t\t\t<\/div>\n\t\t\t\t\t\t\t\t\t\t<div class=\"col-md-4 col-sm-6 col-xs-12 featured-notice\">\n\t\t\t\t\t\t\t\t\t\t\t\t<a href=\"https:\/\/ittceramic.com\/en\/video-resumen-presentacion-de-producto-cersaie-2019\/\">\n\t\t\t\t\t\t\t<div class=\"notice-wrapper\">\n\t\t\t\t\t\t\t\t<div class=\"notice\"\n\t\t\t\t\t\t\t\t\tstyle=\"background: url(https:\/\/ittceramic.com\/wp-content\/uploads\/2019\/10\/Presentacion-ITT-2019-Cersaie-01.jpg) no-repeat center center; background-size: cover;\">\n\t\t\t\t\t\t\t\t<\/div>\n\t\t\t\t\t\t\t\t<div class=\"notice-detail\">\n\t\t\t\t\t\t\t\t\t<hr \/>\n\t\t\t\t\t\t\t\t\t<div>\n\t\t\t\t\t\t\t\t\t\t<h3 class=\"text-center\">Video summary product presentation Cersaie 2019<\/h3>\n\t\t\t\t\t\t\t\t\t\t<p class=\"text-center\">\n\t\t\t\t\t\t\t\t\t\t\tSummary video Product Presentation Cersaie 2019\t\t\t\t\t\t\t\t\t\t\t<strong>SEE><\/strong>\n\t\t\t\t\t\t\t\t\t\t<\/p>\n\t\t\t\t\t\t\t\t\t<\/div>\n\t\t\t\t\t\t\t\t\t<hr \/>\n\t\t\t\t\t\t\t\t<\/div>\n\t\t\t\t\t\t\t<\/div>\n\t\t\t\t\t\t<\/a>\n\t\t\t\t\t<\/div>\n\t\t\t\t\t\t\t\t\t\t<div class=\"col-md-4 col-sm-6 col-xs-12 featured-notice\">\n\t\t\t\t\t\t\t\t\t\t\t\t<a href=\"https:\/\/ittceramic.com\/en\/video-bienvenido-cersaie-2019\/\">\n\t\t\t\t\t\t\t<div class=\"notice-wrapper\">\n\t\t\t\t\t\t\t\t<div class=\"notice\"\n\t\t\t\t\t\t\t\t\tstyle=\"background: url(https:\/\/ittceramic.com\/wp-content\/uploads\/2019\/09\/Video-bienvenida_052.jpg) no-repeat center center; background-size: cover;\">\n\t\t\t\t\t\t\t\t<\/div>\n\t\t\t\t\t\t\t\t<div class=\"notice-detail\">\n\t\t\t\t\t\t\t\t\t<hr \/>\n\t\t\t\t\t\t\t\t\t<div>\n\t\t\t\t\t\t\t\t\t\t<h3 class=\"text-center\">Welcome Cersaie 2019 Video<\/h3>\n\t\t\t\t\t\t\t\t\t\t<p class=\"text-center\">\n\t\t\t\t\t\t\t\t\t\t\tWelcome video for the Cersaie 2019 product presentation\t\t\t\t\t\t\t\t\t\t\t<strong>SEE><\/strong>\n\t\t\t\t\t\t\t\t\t\t<\/p>\n\t\t\t\t\t\t\t\t\t<\/div>\n\t\t\t\t\t\t\t\t\t<hr \/>\n\t\t\t\t\t\t\t\t<\/div>\n\t\t\t\t\t\t\t<\/div>\n\t\t\t\t\t\t<\/a>\n\t\t\t\t\t<\/div>\n\t\t\t\t\t\t\t\t\t\t<div class=\"col-md-4 col-sm-6 col-xs-12 featured-notice\">\n\t\t\t\t\t\t\t\t\t\t\t\t<a href=\"https:\/\/ittceramic.com\/en\/itt-ceramic-wears-long-to-present-cersaie-2019-novelties\/\">\n\t\t\t\t\t\t\t<div class=\"notice-wrapper\">\n\t\t\t\t\t\t\t\t<div class=\"notice\"\n\t\t\t\t\t\t\t\t\tstyle=\"background: url(https:\/\/ittceramic.com\/wp-content\/uploads\/2019\/09\/DSC_0207-1.jpg) no-repeat center center; background-size: cover;\">\n\t\t\t\t\t\t\t\t<\/div>\n\t\t\t\t\t\t\t\t<div class=\"notice-detail\">\n\t\t\t\t\t\t\t\t\t<hr \/>\n\t\t\t\t\t\t\t\t\t<div>\n\t\t\t\t\t\t\t\t\t\t<h3 class=\"text-center\">ITT Ceramic wears long to present Cersaie 2019 novelties<\/h3>\n\t\t\t\t\t\t\t\t\t\t<p class=\"text-center\">\n\t\t\t\t\t\t\t\t\t\t\tThe celebration took place in a facility annexed to the offices set up especially for the occasion, which had a multimedia area and a showroom with the novelties presented.\t\t\t\t\t\t\t\t\t\t\t<strong>SEE><\/strong>\n\t\t\t\t\t\t\t\t\t\t<\/p>\n\t\t\t\t\t\t\t\t\t<\/div>\n\t\t\t\t\t\t\t\t\t<hr \/>\n\t\t\t\t\t\t\t\t<\/div>\n\t\t\t\t\t\t\t<\/div>\n\t\t\t\t\t\t<\/a>\n\t\t\t\t\t<\/div>\n\t\t\t\t\t\t\t\t\t\t<div class=\"col-md-4 col-sm-6 col-xs-12 featured-notice\">\n\t\t\t\t\t\t\t\t\t\t\t\t<a href=\"https:\/\/ittceramic.com\/en\/the-ceramic-key-part-between-the-materials-involved-in-reforming-a-dwelling\/\">\n\t\t\t\t\t\t\t<div class=\"notice-wrapper\">\n\t\t\t\t\t\t\t\t<div class=\"notice\"\n\t\t\t\t\t\t\t\t\tstyle=\"background: url(https:\/\/ittceramic.com\/wp-content\/uploads\/2019\/06\/amb-17-artic-black.jpg) no-repeat center center; background-size: cover;\">\n\t\t\t\t\t\t\t\t<\/div>\n\t\t\t\t\t\t\t\t<div class=\"notice-detail\">\n\t\t\t\t\t\t\t\t\t<hr \/>\n\t\t\t\t\t\t\t\t\t<div>\n\t\t\t\t\t\t\t\t\t\t<h3 class=\"text-center\">Ceramics, a key piece among the materials involved in an interior renovation project<\/h3>\n\t\t\t\t\t\t\t\t\t\t<p class=\"text-center\">\n\t\t\t\t\t\t\t\t\t\t\tThe variety of ceramic proposals available on the market makes it possible to multiply the possible combinations of shapes and sizes in a surprising way\t\t\t\t\t\t\t\t\t\t\t<strong>SEE><\/strong>\n\t\t\t\t\t\t\t\t\t\t<\/p>\n\t\t\t\t\t\t\t\t\t<\/div>\n\t\t\t\t\t\t\t\t\t<hr \/>\n\t\t\t\t\t\t\t\t<\/div>\n\t\t\t\t\t\t\t<\/div>\n\t\t\t\t\t\t<\/a>\n\t\t\t\t\t<\/div>\n\t\t\t\t\t\t\t\t\t\t<div class=\"col-md-4 col-sm-6 col-xs-12 featured-notice\">\n\t\t\t\t\t\t\t\t\t\t\t\t<a href=\"https:\/\/ittceramic.com\/en\/origami-porcelain-covers-several-rooms-house-in-australia\/\">\n\t\t\t\t\t\t\t<div class=\"notice-wrapper\">\n\t\t\t\t\t\t\t\t<div class=\"notice\"\n\t\t\t\t\t\t\t\t\tstyle=\"background: url(https:\/\/ittceramic.com\/wp-content\/uploads\/2019\/04\/ITT-Ceramic-Element-Interior-project-5-1.jpg) no-repeat center center; background-size: cover;\">\n\t\t\t\t\t\t\t\t<\/div>\n\t\t\t\t\t\t\t\t<div class=\"notice-detail\">\n\t\t\t\t\t\t\t\t\t<hr \/>\n\t\t\t\t\t\t\t\t\t<div>\n\t\t\t\t\t\t\t\t\t\t<h3 class=\"text-center\">Origami porcelain model fulls of volumetric contrasts several rooms of a house in Australia<\/h3>\n\t\t\t\t\t\t\t\t\t\t<p class=\"text-center\">\n\t\t\t\t\t\t\t\t\t\t\tElement Interior Design & Styling has covered the three bathrooms of a luxury house on the southeast coast with this porcelain series\t\t\t\t\t\t\t\t\t\t\t<strong>SEE><\/strong>\n\t\t\t\t\t\t\t\t\t\t<\/p>\n\t\t\t\t\t\t\t\t\t<\/div>\n\t\t\t\t\t\t\t\t\t<hr \/>\n\t\t\t\t\t\t\t\t<\/div>\n\t\t\t\t\t\t\t<\/div>\n\t\t\t\t\t\t<\/a>\n\t\t\t\t\t<\/div>\n\t\t\t\t\t\t\t\t\t\t<div class=\"col-md-4 col-sm-6 col-xs-12 featured-notice\">\n\t\t\t\t\t\t\t\t\t\t\t\t<a href=\"https:\/\/ittceramic.com\/en\/coverings19-event-itt-ceramic-growth-in-usa\/\">\n\t\t\t\t\t\t\t<div class=\"notice-wrapper\">\n\t\t\t\t\t\t\t\t<div class=\"notice\"\n\t\t\t\t\t\t\t\t\tstyle=\"background: url(https:\/\/ittceramic.com\/wp-content\/uploads\/2019\/04\/Thanks-for-coming-Coverings-2019-1.jpg) no-repeat center center; background-size: cover;\">\n\t\t\t\t\t\t\t\t<\/div>\n\t\t\t\t\t\t\t\t<div class=\"notice-detail\">\n\t\t\t\t\t\t\t\t\t<hr \/>\n\t\t\t\t\t\t\t\t\t<div>\n\t\t\t\t\t\t\t\t\t\t<h3 class=\"text-center\">Coverings&#8217;19, a major event within ITT Ceramic&#8217;s expansion strategy<\/h3>\n\t\t\t\t\t\t\t\t\t\t<p class=\"text-center\">\n\t\t\t\t\t\t\t\t\t\t\tCreative, the traditional small-format tile brand, was very well received at this year's Orlando trade show\t\t\t\t\t\t\t\t\t\t\t<strong>SEE><\/strong>\n\t\t\t\t\t\t\t\t\t\t<\/p>\n\t\t\t\t\t\t\t\t\t<\/div>\n\t\t\t\t\t\t\t\t\t<hr \/>\n\t\t\t\t\t\t\t\t<\/div>\n\t\t\t\t\t\t\t<\/div>\n\t\t\t\t\t\t<\/a>\n\t\t\t\t\t<\/div>\n\t\t\t\t\t\t\t\t\t\t<div class=\"col-md-4 col-sm-6 col-xs-12 featured-notice\">\n\t\t\t\t\t\t\t\t\t\t\t\t<a href=\"https:\/\/ittceramic.com\/en\/portobello-marble-project-zinarea-interior-design\/\">\n\t\t\t\t\t\t\t<div class=\"notice-wrapper\">\n\t\t\t\t\t\t\t\t<div class=\"notice\"\n\t\t\t\t\t\t\t\t\tstyle=\"background: url(https:\/\/ittceramic.com\/wp-content\/uploads\/2019\/04\/ITT-Ceramic-zinarea-project-taiwan-10.jpg) no-repeat center center; background-size: cover;\">\n\t\t\t\t\t\t\t\t<\/div>\n\t\t\t\t\t\t\t\t<div class=\"notice-detail\">\n\t\t\t\t\t\t\t\t\t<hr \/>\n\t\t\t\t\t\t\t\t\t<div>\n\t\t\t\t\t\t\t\t\t\t<h3 class=\"text-center\">The elegance of Portobello marble, absolute protagonist in a recent project by Zinarea Interior Design<\/h3>\n\t\t\t\t\t\t\t\t\t\t<p class=\"text-center\">\n\t\t\t\t\t\t\t\t\t\t\tThe interior design studio has chosen this ITT Ceramic porcelain to decorate the floors and walls of a charming family home in Taichung (Taiwan)\t\t\t\t\t\t\t\t\t\t\t<strong>SEE><\/strong>\n\t\t\t\t\t\t\t\t\t\t<\/p>\n\t\t\t\t\t\t\t\t\t<\/div>\n\t\t\t\t\t\t\t\t\t<hr \/>\n\t\t\t\t\t\t\t\t<\/div>\n\t\t\t\t\t\t\t<\/div>\n\t\t\t\t\t\t<\/a>\n\t\t\t\t\t<\/div>\n\t\t\t\t\t\t\t\t\t\t<div class=\"col-md-4 col-sm-6 col-xs-12 featured-notice\">\n\t\t\t\t\t\t\t\t\t\t\t\t<a href=\"https:\/\/ittceramic.com\/en\/coverings-versatility-of-ceramics\/\">\n\t\t\t\t\t\t\t<div class=\"notice-wrapper\">\n\t\t\t\t\t\t\t\t<div class=\"notice\"\n\t\t\t\t\t\t\t\t\tstyle=\"background: url(https:\/\/ittceramic.com\/wp-content\/uploads\/2019\/03\/Siena-Sand-ITT-Ceramic.jpg) no-repeat center center; background-size: cover;\">\n\t\t\t\t\t\t\t\t<\/div>\n\t\t\t\t\t\t\t\t<div class=\"notice-detail\">\n\t\t\t\t\t\t\t\t\t<hr \/>\n\t\t\t\t\t\t\t\t\t<div>\n\t\t\t\t\t\t\t\t\t\t<h3 class=\"text-center\">ITT Ceramic boosts at Coverings the versatility of ceramics in contemporary architecture and decoration<\/h3>\n\t\t\t\t\t\t\t\t\t\t<p class=\"text-center\">\n\t\t\t\t\t\t\t\t\t\t\tAmong the novelties that the company will show at the Orlando fair is the presentation of Creative, a brand specializing in small-format tiles\t\t\t\t\t\t\t\t\t\t\t<strong>SEE><\/strong>\n\t\t\t\t\t\t\t\t\t\t<\/p>\n\t\t\t\t\t\t\t\t\t<\/div>\n\t\t\t\t\t\t\t\t\t<hr \/>\n\t\t\t\t\t\t\t\t<\/div>\n\t\t\t\t\t\t\t<\/div>\n\t\t\t\t\t\t<\/a>\n\t\t\t\t\t<\/div>\n\t\t\t\t\t\t\t\t\t\t<div class=\"col-md-4 col-sm-6 col-xs-12 featured-notice\">\n\t\t\t\t\t\t\t\t\t\t\t\t<a href=\"https:\/\/ittceramic.com\/en\/soft-heritage-trend-ceramics\/\">\n\t\t\t\t\t\t\t<div class=\"notice-wrapper\">\n\t\t\t\t\t\t\t\t<div class=\"notice\"\n\t\t\t\t\t\t\t\t\tstyle=\"background: url(https:\/\/ittceramic.com\/wp-content\/uploads\/2019\/03\/Amb-CHESS-20x20.jpg) no-repeat center center; background-size: cover;\">\n\t\t\t\t\t\t\t\t<\/div>\n\t\t\t\t\t\t\t\t<div class=\"notice-detail\">\n\t\t\t\t\t\t\t\t\t<hr \/>\n\t\t\t\t\t\t\t\t\t<div>\n\t\t\t\t\t\t\t\t\t\t<h3 class=\"text-center\">The &#8216;Soft heritage&#8217; trend recovers the immaterial legacy of ceramics<\/h3>\n\t\t\t\t\t\t\t\t\t\t<p class=\"text-center\">\n\t\t\t\t\t\t\t\t\t\t\tSome of the new models from ITT Ceramic and especially Creative, in small format, are a faithful example of this minimalist but warm decorative trend\t\t\t\t\t\t\t\t\t\t\t<strong>SEE><\/strong>\n\t\t\t\t\t\t\t\t\t\t<\/p>\n\t\t\t\t\t\t\t\t\t<\/div>\n\t\t\t\t\t\t\t\t\t<hr \/>\n\t\t\t\t\t\t\t\t<\/div>\n\t\t\t\t\t\t\t<\/div>\n\t\t\t\t\t\t<\/a>\n\t\t\t\t\t<\/div>\n\t\t\t\t\t\t\t\t\t\t<div class=\"col-md-4 col-sm-6 col-xs-12 featured-notice\">\n\t\t\t\t\t\t\t\t\t\t\t\t<a href=\"https:\/\/ittceramic.com\/en\/cevisama-2019-video\/\">\n\t\t\t\t\t\t\t<div class=\"notice-wrapper\">\n\t\t\t\t\t\t\t\t<div class=\"notice\"\n\t\t\t\t\t\t\t\t\tstyle=\"background: url(https:\/\/ittceramic.com\/wp-content\/uploads\/2019\/02\/Portada-video-ITT.jpg) no-repeat center center; background-size: cover;\">\n\t\t\t\t\t\t\t\t<\/div>\n\t\t\t\t\t\t\t\t<div class=\"notice-detail\">\n\t\t\t\t\t\t\t\t\t<hr \/>\n\t\t\t\t\t\t\t\t\t<div>\n\t\t\t\t\t\t\t\t\t\t<h3 class=\"text-center\">Cevisama 2019 Video<\/h3>\n\t\t\t\t\t\t\t\t\t\t<p class=\"text-center\">\n\t\t\t\t\t\t\t\t\t\t\tThe best moments of the international fair, summarized in less than 2 minutes\t\t\t\t\t\t\t\t\t\t\t<strong>SEE><\/strong>\n\t\t\t\t\t\t\t\t\t\t<\/p>\n\t\t\t\t\t\t\t\t\t<\/div>\n\t\t\t\t\t\t\t\t\t<hr \/>\n\t\t\t\t\t\t\t\t<\/div>\n\t\t\t\t\t\t\t<\/div>\n\t\t\t\t\t\t<\/a>\n\t\t\t\t\t<\/div>\n\t\t\t\t\t\t\t\t\t\t<div class=\"col-md-4 col-sm-6 col-xs-12 featured-notice\">\n\t\t\t\t\t\t\t\t\t\t\t\t<a href=\"https:\/\/ittceramic.com\/en\/small-formats-creative-cevisama-2019\/\">\n\t\t\t\t\t\t\t<div class=\"notice-wrapper\">\n\t\t\t\t\t\t\t\t<div class=\"notice\"\n\t\t\t\t\t\t\t\t\tstyle=\"background: url(https:\/\/ittceramic.com\/wp-content\/uploads\/2019\/01\/ITT-CERAMIC-CREATIVE-NORAI.jpg) no-repeat center center; background-size: cover;\">\n\t\t\t\t\t\t\t\t<\/div>\n\t\t\t\t\t\t\t\t<div class=\"notice-detail\">\n\t\t\t\t\t\t\t\t\t<hr \/>\n\t\t\t\t\t\t\t\t\t<div>\n\t\t\t\t\t\t\t\t\t\t<h3 class=\"text-center\">Creative&#8217;s small formats make its own mark at Cevisama 2019<\/h3>\n\t\t\t\t\t\t\t\t\t\t<p class=\"text-center\">\n\t\t\t\t\t\t\t\t\t\t\tLa nueva marca se presenta en la feria de la mano de ITT Ceramic con el objetivo de recuperar la esencia del azulejo artesanal\t\t\t\t\t\t\t\t\t\t\t<strong>SEE><\/strong>\n\t\t\t\t\t\t\t\t\t\t<\/p>\n\t\t\t\t\t\t\t\t\t<\/div>\n\t\t\t\t\t\t\t\t\t<hr \/>\n\t\t\t\t\t\t\t\t<\/div>\n\t\t\t\t\t\t\t<\/div>\n\t\t\t\t\t\t<\/a>\n\t\t\t\t\t<\/div>\n\t\t\t\t\t\t\t\t\t\t<div class=\"col-md-4 col-sm-6 col-xs-12 featured-notice\">\n\t\t\t\t\t\t\t\t\t\t\t\t<a href=\"https:\/\/ittceramic.com\/en\/novelties-cevisama-2019-presentation\/\">\n\t\t\t\t\t\t\t<div class=\"notice-wrapper\">\n\t\t\t\t\t\t\t\t<div class=\"notice\"\n\t\t\t\t\t\t\t\t\tstyle=\"background: url(https:\/\/ittceramic.com\/wp-content\/uploads\/2019\/01\/PRESENTACION-Cevisama-2019.jpg) no-repeat center center; background-size: cover;\">\n\t\t\t\t\t\t\t\t<\/div>\n\t\t\t\t\t\t\t\t<div class=\"notice-detail\">\n\t\t\t\t\t\t\t\t\t<hr \/>\n\t\t\t\t\t\t\t\t\t<div>\n\t\t\t\t\t\t\t\t\t\t<h3 class=\"text-center\">ITT Ceramic discovers the novelties for Cevisama 2019 at its headquarters in Spain<\/h3>\n\t\t\t\t\t\t\t\t\t\t<p class=\"text-center\">\n\t\t\t\t\t\t\t\t\t\t\tThe event, attended by more than 50 guests, included the presentation of the new brand Creative, which recovers the essence of ceramics\t\t\t\t\t\t\t\t\t\t\t<strong>SEE><\/strong>\n\t\t\t\t\t\t\t\t\t\t<\/p>\n\t\t\t\t\t\t\t\t\t<\/div>\n\t\t\t\t\t\t\t\t\t<hr \/>\n\t\t\t\t\t\t\t\t<\/div>\n\t\t\t\t\t\t\t<\/div>\n\t\t\t\t\t\t<\/a>\n\t\t\t\t\t<\/div>\n\t\t\t\t\t\t\t\t<\/div>\n\t\t\t\n","protected":false},"excerpt":{"rendered":"","protected":false},"author":1,"featured_media":0,"parent":0,"menu_order":0,"comment_status":"closed","ping_status":"closed","template":"","meta":{"_acf_changed":false,"footnotes":""},"class_list":["post-351","page","type-page","status-publish","hentry"],"acf":[],"yoast_head":"<!-- This site is optimized with the Yoast SEO plugin v27.5 - https:\/\/yoast.com\/product\/yoast-seo-wordpress\/ -->\n<title>Home - ITT Ceramic<\/title>\n<meta name=\"robots\" content=\"index, follow, max-snippet:-1, max-image-preview:large, max-video-preview:-1\" \/>\n<link rel=\"canonical\" href=\"https:\/\/ittceramic.com\/en\/\" \/>\n<meta property=\"og:locale\" content=\"en_US\" \/>\n<meta property=\"og:type\" content=\"article\" \/>\n<meta property=\"og:title\" content=\"Home - ITT Ceramic\" \/>\n<meta property=\"og:url\" content=\"https:\/\/ittceramic.com\/en\/\" \/>\n<meta property=\"og:site_name\" content=\"ITT Ceramic\" \/>\n<meta property=\"article:modified_time\" content=\"2018-01-05T11:26:43+00:00\" \/>\n<meta name=\"twitter:card\" content=\"summary_large_image\" \/>\n<script type=\"application\/ld+json\" class=\"yoast-schema-graph\">{\"@context\":\"https:\\\/\\\/schema.org\",\"@graph\":[{\"@type\":\"WebPage\",\"@id\":\"https:\\\/\\\/ittceramic.com\\\/en\\\/\",\"url\":\"https:\\\/\\\/ittceramic.com\\\/en\\\/\",\"name\":\"Home - ITT Ceramic\",\"isPartOf\":{\"@id\":\"https:\\\/\\\/ittceramic.com\\\/#website\"},\"datePublished\":\"2017-10-25T14:15:46+00:00\",\"dateModified\":\"2018-01-05T11:26:43+00:00\",\"breadcrumb\":{\"@id\":\"https:\\\/\\\/ittceramic.com\\\/en\\\/#breadcrumb\"},\"inLanguage\":\"en-US\",\"potentialAction\":[{\"@type\":\"ReadAction\",\"target\":[\"https:\\\/\\\/ittceramic.com\\\/en\\\/\"]}]},{\"@type\":\"BreadcrumbList\",\"@id\":\"https:\\\/\\\/ittceramic.com\\\/en\\\/#breadcrumb\",\"itemListElement\":[{\"@type\":\"ListItem\",\"position\":1,\"name\":\"Portada\",\"item\":\"https:\\\/\\\/ittceramic.com\\\/en\\\/\"},{\"@type\":\"ListItem\",\"position\":2,\"name\":\"Home\"}]},{\"@type\":\"WebSite\",\"@id\":\"https:\\\/\\\/ittceramic.com\\\/#website\",\"url\":\"https:\\\/\\\/ittceramic.com\\\/\",\"name\":\"ITT Ceramic\",\"description\":\"\",\"potentialAction\":[{\"@type\":\"SearchAction\",\"target\":{\"@type\":\"EntryPoint\",\"urlTemplate\":\"https:\\\/\\\/ittceramic.com\\\/?s={search_term_string}\"},\"query-input\":{\"@type\":\"PropertyValueSpecification\",\"valueRequired\":true,\"valueName\":\"search_term_string\"}}],\"inLanguage\":\"en-US\"}]}<\/script>\n<!-- \/ Yoast SEO plugin. -->","yoast_head_json":{"title":"Home - ITT Ceramic","robots":{"index":"index","follow":"follow","max-snippet":"max-snippet:-1","max-image-preview":"max-image-preview:large","max-video-preview":"max-video-preview:-1"},"canonical":"https:\/\/ittceramic.com\/en\/","og_locale":"en_US","og_type":"article","og_title":"Home - ITT Ceramic","og_url":"https:\/\/ittceramic.com\/en\/","og_site_name":"ITT Ceramic","article_modified_time":"2018-01-05T11:26:43+00:00","twitter_card":"summary_large_image","schema":{"@context":"https:\/\/schema.org","@graph":[{"@type":"WebPage","@id":"https:\/\/ittceramic.com\/en\/","url":"https:\/\/ittceramic.com\/en\/","name":"Home - ITT Ceramic","isPartOf":{"@id":"https:\/\/ittceramic.com\/#website"},"datePublished":"2017-10-25T14:15:46+00:00","dateModified":"2018-01-05T11:26:43+00:00","breadcrumb":{"@id":"https:\/\/ittceramic.com\/en\/#breadcrumb"},"inLanguage":"en-US","potentialAction":[{"@type":"ReadAction","target":["https:\/\/ittceramic.com\/en\/"]}]},{"@type":"BreadcrumbList","@id":"https:\/\/ittceramic.com\/en\/#breadcrumb","itemListElement":[{"@type":"ListItem","position":1,"name":"Portada","item":"https:\/\/ittceramic.com\/en\/"},{"@type":"ListItem","position":2,"name":"Home"}]},{"@type":"WebSite","@id":"https:\/\/ittceramic.com\/#website","url":"https:\/\/ittceramic.com\/","name":"ITT Ceramic","description":"","potentialAction":[{"@type":"SearchAction","target":{"@type":"EntryPoint","urlTemplate":"https:\/\/ittceramic.com\/?s={search_term_string}"},"query-input":{"@type":"PropertyValueSpecification","valueRequired":true,"valueName":"search_term_string"}}],"inLanguage":"en-US"}]}},"_links":{"self":[{"href":"https:\/\/ittceramic.com\/en\/wp-json\/wp\/v2\/pages\/351","targetHints":{"allow":["GET"]}}],"collection":[{"href":"https:\/\/ittceramic.com\/en\/wp-json\/wp\/v2\/pages"}],"about":[{"href":"https:\/\/ittceramic.com\/en\/wp-json\/wp\/v2\/types\/page"}],"author":[{"embeddable":true,"href":"https:\/\/ittceramic.com\/en\/wp-json\/wp\/v2\/users\/1"}],"replies":[{"embeddable":true,"href":"https:\/\/ittceramic.com\/en\/wp-json\/wp\/v2\/comments?post=351"}],"version-history":[{"count":1,"href":"https:\/\/ittceramic.com\/en\/wp-json\/wp\/v2\/pages\/351\/revisions"}],"predecessor-version":[{"id":458,"href":"https:\/\/ittceramic.com\/en\/wp-json\/wp\/v2\/pages\/351\/revisions\/458"}],"wp:attachment":[{"href":"https:\/\/ittceramic.com\/en\/wp-json\/wp\/v2\/media?parent=351"}],"curies":[{"name":"wp","href":"https:\/\/api.w.org\/{rel}","templated":true}]}}